{"id":16,"date":"2013-06-01T11:30:39","date_gmt":"2013-06-01T09:30:39","guid":{"rendered":"http:\/\/www.festival-suha.at\/?page_id=16"},"modified":"2025-03-15T08:36:09","modified_gmt":"2025-03-15T07:36:09","slug":"skupine-gruppen-groups","status":"publish","type":"page","link":"https:\/\/www.festival-suha.at\/?page_id=16","title":{"rendered":"Skupine &#8211; Gruppen &#8211; Groups"},"content":{"rendered":"<p><strong>2025<\/strong><\/p>\n<p><a href=\"http:\/\/sietemasuno.es\/\" target=\"_blank\" rel=\"noopener noreferrer\">Sietem\u00e1suno<\/a> (esp)<\/p>\n<p><a href=\"http:\/\/www.youtube.com\/c\/resmiranda\" target=\"_blank\" rel=\"noopener noreferrer\">Res Miranda<\/a> (srb)<\/p>\n<p><a href=\"http:\/\/www.vokalerandale.com\" target=\"_blank\" rel=\"noopener noreferrer\">Vokale Randale<\/a> (aut)<\/p>\n<p><strong>2024<\/strong><\/p>\n<p><a href=\"http:\/\/www.demeisjesmetdewijsjes.nl\/\" target=\"_blank\" rel=\"noopener noreferrer\">De Meisjes met de Wijsjes<\/a> (ndl)<\/p>\n<p><a href=\"http:\/\/www.vievox.at\" target=\"_blank\" rel=\"noopener noreferrer\">VieVox<\/a> (aut)<\/p>\n<p><a href=\"http:\/\/www.facebook.com\/profile.php?id=100009046067522\" target=\"_blank\" rel=\"noopener noreferrer\">Kvartet \u0160tiglic<\/a> (slo)<\/p>\n<p><strong>2023<\/strong><\/p>\n<p><a href=\"http:\/\/www.facebook.com\/klapa.stine\/\" target=\"_blank\" rel=\"noopener noreferrer\">Klapa Stine<\/a> (cro)<\/p>\n<p><a href=\"http:\/\/www.zwo3wir.at\" target=\"_blank\" rel=\"noopener noreferrer\">Zwo3wir<\/a> (aut)<\/p>\n<p>VS Breznik (slo)<\/p>\n<p><strong>2022<\/strong><\/p>\n<p><a href=\"http:\/\/www.ardumusic.com\" target=\"_blank\" rel=\"noopener noreferrer\">Ard\u00fa<\/a> (irl)<\/p>\n<p><a href=\"https:\/\/elinorensemble.eu\" target=\"_blank\" rel=\"noopener noreferrer\">Elinor Ensemble<\/a> (slo)<\/p>\n<p><a href=\"https:\/\/www.facebook.com\/profile.php?id=100009847936809\">Kristina Babchuk<\/a> (ukr)<\/p>\n<p><strong>2021<\/strong><\/p>\n<p><a href=\"http:\/\/www.barbaroschorus.com\">House Rules<\/a> (dk)<\/p>\n<p><a href=\"http:\/\/www.oktet-simon-gregorcic.org\">Oktet Simon Gregor\u010di\u010d<\/a> (slo)<\/p>\n<p><a href=\"http:\/\/www.klongquadrat.at\">Kl\u00e5ngQuadrat<\/a> (at)<\/p>\n<p><strong>2020<\/strong><\/p>\n<p>odpovedano\/abgesagt (Covid-19)<\/p>\n<p><strong>2019<\/strong><\/p>\n<p><a href=\"https:\/\/www.latvianvoices.lv\/\" target=\"_blank\" rel=\"noopener noreferrer\">latvian voices<\/a> (lva)<\/p>\n<p><a href=\"https:\/\/www.gesangskapellehermann.at\/\" target=\"_blank\" rel=\"noopener noreferrer\">gesangskapelle hermann<\/a> (aut)<\/p>\n<p><a href=\"https:\/\/zvs.lipa-litija.si\/\" target=\"_blank\" rel=\"noopener noreferrer\">\u017evs lipa litija<\/a> (slo)<\/p>\n<p><strong>2018<\/strong><\/p>\n<p><a href=\"https:\/\/korvocalensemble.jimdo.com\/media\/\" target=\"_blank\" rel=\"noopener noreferrer\">kor vocalensemble<\/a> (ita)<\/p>\n<p><a href=\"https:\/\/www.facebook.com\/pg\/armorinke\/about\/?ref=page_internal\" target=\"_blank\" rel=\"noopener noreferrer\">klapa armorin<\/a> (cro)<\/p>\n<p><a href=\"https:\/\/www.facebook.com\/dieChorherren\/\" target=\"_blank\" rel=\"noopener noreferrer\">die chorherren<\/a> (aut)<\/p>\n<p><strong>2017<\/strong><\/p>\n<p><a href=\"https:\/\/www.piccanto.com\/\" target=\"_blank\" rel=\"noopener noreferrer\">piccanto<\/a> (aut)<\/p>\n<p><a href=\"http:\/\/www.cooljazzy.com\/rus\/html\/video.html\" target=\"_blank\" rel=\"noopener noreferrer\">cool &amp; jazzy <\/a>(rus)<\/p>\n<p><a href=\"https:\/\/www.facebook.com\/pg\/VokalnikvartetRusalke\" target=\"_blank\" rel=\"noopener noreferrer\">rusalke<\/a> (slo)<\/p>\n<p><strong>2016<\/strong><\/p>\n<p><a href=\"https:\/\/www.facebook.com\/basbaritenori\/\" target=\"_blank\" rel=\"noopener noreferrer\">basbaritenori <\/a>(aut\/sk)<\/p>\n<p><a href=\"http:\/\/acapellabogazici.com\/\" target=\"_blank\" rel=\"noopener noreferrer\">a&nbsp;capella bo\u011fazi\u00e7i<\/a> (tr)<\/p>\n<p><a href=\"http:\/\/www.doppelsextett-velden.at\/\">doppelsextett velden<\/a> (aut)<\/p>\n<p><strong>2015<\/strong><\/p>\n<p><a href=\"http:\/\/www.egosystem.me\">e<\/a><a href=\"http:\/\/www.egosystem.me\">go<\/a><a href=\"http:\/\/www.egosystem.me\"> system <\/a>(fra)<\/p>\n<p><a title=\"kreativo - vokalni bend\" href=\"http:\/\/www.kreativo.si\">kreativo<\/a> (slo)<\/p>\n<p><a title=\"bleiberger viergesang\" href=\"http:\/\/www.bgv-bleiberg.at\">bleiberger viergesang<\/a> (aut)<\/p>\n<p><b>2014<\/b><\/p>\n<p><a href=\"http:\/\/www.jazzation.hu\">jazzation<\/a>&nbsp;(hun)<\/p>\n<p><a href=\"http:\/\/www.voices-unlimited.at\">voices unlimited<\/a> (aut)<\/p>\n<p>sestre trobec \u017eagar (slo)<\/p>\n<p><b>2013<\/b><\/p>\n<p><a title=\"Alti &amp; bassi\" href=\"http:\/\/www.altiebassi.it\">alti &amp; bassi <\/a>(ita)<\/p>\n<p><a title=\"ThoKaWo\" href=\"http:\/\/www.kindergesangsstudio-doremi.com\/do-re-mi\/ensemble-thokawo.html\">ThoKaWo<\/a> (a)<\/p>\n<p><a title=\"Gallina\" href=\"http:\/\/www.facebook.com\/pages\/Vokalna-skupina-Gallina\/174179372664065\">gallina<\/a> (slo)<\/p>\n<p><a title=\"dravograjski sekstet\" href=\"http:\/\/www.facebook.com\/dravograjskisekstet6\">dravograjski sekstet<\/a> (slo)<\/p>\n<p><b>2012<\/b><\/p>\n<p><a title=\"AB vocal group\" href=\"http:\/\/abvocalgroup.com\" target=\"_blank\" rel=\"noopener noreferrer\">AB vocal group&nbsp;<\/a>(cro\/slo)<\/p>\n<p><a title=\"OCTAVA ensemble\" href=\"http:\/\/www.octavaensemble.com\" target=\"_blank\" rel=\"noopener noreferrer\">OCTAVA ensemble&nbsp;<\/a>(pol)<\/p>\n<p><a title=\"Da 8-Gsong\" href=\"http:\/\/www.da-8gsong.at\" target=\"_blank\" rel=\"noopener noreferrer\">da 8-gsong <\/a>(a)<\/p>\n<p><b>2011<\/b><\/p>\n<p><a href=\"http:\/\/www.vocado.se\/\" target=\"_blank\" rel=\"noopener noreferrer\">vocado<\/a> (swe)<\/p>\n<p><a href=\"http:\/\/www.facebook.com\/pages\/Vokalna-skupina-Ingenium\/143422642382301\" target=\"_blank\" rel=\"noopener noreferrer\">ingenium<\/a> (slo)<\/p>\n<p><a href=\"http:\/\/www.gesternundheut.com\/\" target=\"_blank\" rel=\"noopener noreferrer\">gestern &amp; heut\u00b4<\/a> (a)<\/p>\n<p><b>2010<\/b><\/p>\n<p><a href=\"http:\/\/www.foolmoon.hu\" target=\"_blank\" rel=\"noopener noreferrer\">fool moon<\/a> (hun)<\/p>\n<p><a href=\"http:\/\/www.spiritvoices.at\" target=\"_blank\" rel=\"noopener noreferrer\">spirit voices <\/a>(a)<\/p>\n<p><a href=\"http:\/\/www.oktet-zven.si\" target=\"_blank\" rel=\"noopener noreferrer\">oktet zven <\/a>(slo)<\/p>\n<p><b>2009<\/b><\/p>\n<p><a href=\"http:\/\/www.sso.si\" target=\"_blank\" rel=\"noopener noreferrer\">\u0161ale\u0161ki \u0161tudentski oktet<\/a> (slo)<\/p>\n<p><a href=\"http:\/\/www.musicaclaudiforensis.at\" target=\"_blank\" rel=\"noopener noreferrer\">musica claudiforensis<\/a> (a)<\/p>\n<p><a href=\"http:\/\/www.pagare.ch\" target=\"_blank\" rel=\"noopener noreferrer\">pagare insieme<\/a> (ch)<\/p>\n<p><b>2008<\/b><\/p>\n<p><a href=\"http:\/\/www.fourfathers.hu\" target=\"_blank\" rel=\"noopener noreferrer\">four fathers<\/a> (hun)<\/p>\n<p>klapa skradinke (cro)<\/p>\n<p><a href=\"http:\/\/www.kudvivere.com\/\" target=\"_blank\" rel=\"noopener noreferrer\">vokalna skupina vivere<\/a> (slo)<\/p>\n<p><a href=\"http:\/\/www.stimmen.at\" target=\"_blank\" rel=\"noopener noreferrer\">stimmen aus k\u00e4rnten<\/a> (a)<\/p>\n<p><b>2007<\/b><\/p>\n<p><a href=\"http:\/\/www.voces8.com\" target=\"_blank\" rel=\"noopener noreferrer\">voces8<\/a> (gb)<\/p>\n<p><a href=\"http:\/\/www.longuat.at\/\" target=\"_blank\" rel=\"noopener noreferrer\">white gospel voices<\/a> (a)<\/p>\n<p><a href=\"http:\/\/www.voxon.at\">voxon<\/a> (a)<\/p>\n<p><b>2006<\/b><\/p>\n<p><a href=\"http:\/\/www.coronke.com\">vokalna skupina coronke<\/a> (slo)<\/p>\n<p><a title=\"klapa ka\u0161tadi\" href=\"http:\/\/arhiva.grad-krk.hr\/Home0c85.html?PageID=160\">klapa ka\u0161tadi<\/a> (cro)<\/p>\n<p>chorus an\u00f3nymus (a)<\/p>\n<p><a href=\"http:\/\/www.voxtet.cz\">voxtet&nbsp;<\/a> (cz)<\/p>\n<p><b>2005<\/b><\/p>\n<p><a href=\"http:\/\/www.hannover-harmonists.de\" target=\"_blank\" rel=\"noopener noreferrer\">hannover harmonists<\/a> (ger)<\/p>\n<p><a href=\"http:\/\/www.schnittpunktvokal.com\" target=\"_blank\" rel=\"noopener noreferrer\">schnittpunktvokal<\/a> (a)<\/p>\n<p>kvartet vita (slo)<\/p>\n<p><b>2004<\/b><\/p>\n<p><a href=\"http:\/\/www.geocities.com\/mezzosotto\" target=\"_blank\" rel=\"noopener noreferrer\">mezzo sotto<\/a> (i)<\/p>\n<p><a href=\"http:\/\/unicumlaude.art.pte.hu\/\" target=\"_blank\" rel=\"noopener noreferrer\">unicumlaude<\/a> (hun)<\/p>\n<p><a href=\"http:\/\/www.kaerntnerlied.at\/chor03\/chor03.htm\" target=\"_blank\" rel=\"noopener noreferrer\">die rosentaler<\/a> (a)<\/p>\n<p>ptujski oktet (slo)<\/p>\n<p><b>2003<\/b><\/p>\n<p><a href=\"http:\/\/www.fdk.hr\/klape\/zenska_dispet.html\" target=\"_blank\" rel=\"noopener noreferrer\">klapa di\u0161pet<\/a> (cro)<\/p>\n<p>hortus musicus singers (hun)<\/p>\n<p>vokalna skupina liguster (slo)<\/p>\n<p><b>2002<\/b><\/p>\n<p><a href=\"http:\/\/www.tambecari.sk\" target=\"_blank\" rel=\"noopener noreferrer\">tambe\u010dari<\/a> (cro\/a\/sk)<\/p>\n<p><a href=\"http:\/\/www.lovrenc.si\/mkudl\/indexa.html\" target=\"_blank\" rel=\"noopener noreferrer\">anina dekleta<\/a> (slo)<\/p>\n<p><a href=\"http:\/\/www.septakkord.at\" target=\"_blank\" rel=\"noopener noreferrer\">vokalensemble septakkord<\/a> (a)<\/p>\n<p><a href=\"http:\/\/www.bolyki.com\/\" target=\"_blank\" rel=\"noopener noreferrer\">bolyki brothers<\/a> (hun) (samo dravograd)<\/p>\n<p><b>2001<\/b><\/p>\n<p><a href=\"http:\/\/www.banchieri.hu\/\" target=\"_blank\" rel=\"noopener noreferrer\">banchieri singers<\/a> (hun)<\/p>\n<p><a href=\"http:\/\/www.katice.com\" target=\"_blank\" rel=\"noopener noreferrer\">ethno-skupina katice<\/a> (slo)<\/p>\n<p><a href=\"http:\/\/www.kaerntnerlied.at\/chor04\/chor04.htm\" target=\"_blank\" rel=\"noopener noreferrer\">doppelquartett himmelberg<\/a> (a)<\/p>\n<p><b>2000<\/b><\/p>\n<p><a href=\"http:\/\/www.slovenski-oktet.si\/\" target=\"_blank\" rel=\"noopener noreferrer\">slovenski oktet<\/a> (slo)<\/p>\n<p><a href=\"http:\/\/www.makarska.hr\/kultura\/adrion\/\" target=\"_blank\" rel=\"noopener noreferrer\">klapa adrion<\/a> (cro)<\/p>\n<p><a href=\"http:\/\/www.mgvpetzen.at\/\" target=\"_blank\" rel=\"noopener noreferrer\">dq des mgv petzen<\/a> (a)<\/p>\n<p><a title=\"veseli halychany\" href=\"http:\/\/veseli-halychany.com.ua\/en\/\">veseli halychany<\/a> (ua)<\/p>\n<p><b>1999<\/b><\/p>\n<p><a href=\"http:\/\/members.eunet.at\/vocalitas\/\" target=\"_blank\" rel=\"noopener noreferrer\">vocalitas<\/a> &#8211; gumpoldskirchen (a)<\/p>\n<p><a href=\"http:\/\/www.closeharmonyfriends.sk\/\" target=\"_blank\" rel=\"noopener noreferrer\">close harmony Friends<\/a> (sk)<\/p>\n<p>mops akord (i)<\/p>\n<p>dravograjski oktet (slo)<\/p>\n<p><strong>1998<\/strong><\/p>\n<p>egysz\u00f3lam (hun)<\/p>\n<p>gori\u0161ki oktet vrtnica (slo)<\/p>\n<p>quintetto femminile lussari (i)<\/p>\n<p><a href=\"http:\/\/www.jaklingersaenger.at\">dq des mgv jakling<\/a> (a)<\/p>\n<p>&nbsp;<\/p>\n<p><strong>1997<\/strong><\/p>\n<p><a href=\"http:\/\/www.calata.cz\/\">calata<\/a> (cz)<\/p>\n<p>ljubljanski oktet (slo)<\/p>\n<p>sepp-kolbitsch-chor (a)<\/p>\n<p><a href=\"http:\/\/www.voxon.at\">skupina vox<\/a> (a)<\/p>\n<p><b>1996<br \/>\n<\/b><i>15 let\/jahre oktet suha<\/i><\/p>\n<p><a href=\"http:\/\/www.smrtnik.at\">kvartet bratov smrtnik <\/a>(a)<\/p>\n<p><a href=\"http:\/\/members.eunet.at\/vocalitas\/\" target=\"_blank\" rel=\"noopener noreferrer\">vocalitas<\/a> &#8211; krumpendorf (a)<\/p>\n<p><b>1995<\/b><\/p>\n<p><a href=\"http:\/\/www.slovenski-oktet.si\/\" target=\"_blank\" rel=\"noopener noreferrer\">slovenski oktet <\/a>(slo)<\/p>\n<p><a href=\"http:\/\/www.coromontesagro.it\/CoriItalianiOnline\/link.htm\" target=\"_blank\" rel=\"noopener noreferrer\">oktet hermann <\/a>(i)<\/p>\n<p>\u017epz&nbsp;brestanica (slo)<\/p>\n<p>dq des mgv jakling (a)<\/p>\n<p><b>1994<\/b><\/p>\n<p>doppelquartett st. veit (a)<\/p>\n<p>obirski \u017eenski oktet (a)<\/p>\n<p><a href=\"http:\/\/www2.arnes.si\/%7embzko1s\/mariborskioktet.htm\" target=\"_blank\" rel=\"noopener noreferrer\">mariborski oktet<\/a><\/p>\n<p>zbor bratislava (s\u00e4ngerinnen und s\u00e4nger zum hl. martin in bratislava)<\/p>\n<p><b>1993<\/b><\/p>\n<p><a href=\"http:\/\/www.litija.net\/slo\/kultura\/o_valvasor\/o_valvasor.htm\" target=\"_blank\" rel=\"noopener noreferrer\">oktet valvasor <\/a>(slo)<\/p>\n<p>oktet lip-bled (slo)<\/p>\n<p>tr\u017ea\u0161ki oktet (i)<\/p>\n","protected":false},"excerpt":{"rendered":"<p>2025 Sietem\u00e1suno (esp) Res Miranda (srb) Vokale Randale (aut) 2024 De Meisjes met de Wijsjes (ndl) VieVox (aut) Kvartet \u0160tiglic (slo) 2023 Klapa Stine (cro) Zwo3wir (aut) VS Breznik (slo) 2022 Ard\u00fa (irl) Elinor Ensemble (slo) Kristina Babchuk (ukr) 2021 House Rules (dk) Oktet Simon Gregor\u010di\u010d (slo) Kl\u00e5ngQuadrat (at) 2020 odpovedano\/abgesagt (Covid-19) 2019 latvian voices [&hellip;]<\/p>\n","protected":false},"author":1,"featured_media":0,"parent":0,"menu_order":0,"comment_status":"closed","ping_status":"closed","template":"","meta":{"ngg_post_thumbnail":0,"footnotes":""},"class_list":["post-16","page","type-page","status-publish"],"_links":{"self":[{"href":"https:\/\/www.festival-suha.at\/index.php?rest_route=\/wp\/v2\/pages\/16","targetHints":{"allow":["GET"]}}],"collection":[{"href":"https:\/\/www.festival-suha.at\/index.php?rest_route=\/wp\/v2\/pages"}],"about":[{"href":"https:\/\/www.festival-suha.at\/index.php?rest_route=\/wp\/v2\/types\/page"}],"author":[{"embeddable":true,"href":"https:\/\/www.festival-suha.at\/index.php?rest_route=\/wp\/v2\/users\/1"}],"replies":[{"embeddable":true,"href":"https:\/\/www.festival-suha.at\/index.php?rest_route=%2Fwp%2Fv2%2Fcomments&post=16"}],"version-history":[{"count":32,"href":"https:\/\/www.festival-suha.at\/index.php?rest_route=\/wp\/v2\/pages\/16\/revisions"}],"predecessor-version":[{"id":2563,"href":"https:\/\/www.festival-suha.at\/index.php?rest_route=\/wp\/v2\/pages\/16\/revisions\/2563"}],"wp:attachment":[{"href":"https:\/\/www.festival-suha.at\/index.php?rest_route=%2Fwp%2Fv2%2Fmedia&parent=16"}],"curies":[{"name":"wp","href":"https:\/\/api.w.org\/{rel}","templated":true}]}}